{"id":4092,"date":"2024-04-02T14:43:38","date_gmt":"2024-04-02T17:43:38","guid":{"rendered":"https:\/\/peripan.com.br\/?page_id=4092"},"modified":"2024-05-15T08:58:22","modified_gmt":"2024-05-15T11:58:22","slug":"gestao-socio-ambiental","status":"publish","type":"page","link":"https:\/\/peripan.com.br\/?page_id=4092","title":{"rendered":"Gest\u00e3o S\u00f3cio Ambiental"},"content":{"rendered":"<section class=\"l-section wpb_row height_auto with_img\"><div class=\"l-section-img\" data-img-width=\"1920\" data-img-height=\"400\" style=\"background-image: url(https:\/\/peripan.com.br\/wp-content\/uploads\/2024\/02\/bg.jpg);background-repeat: no-repeat;\"><\/div><div class=\"l-section-h i-cf\"><div class=\"g-cols vc_row via_grid cols_1 laptops-cols_inherit tablets-cols_inherit mobiles-cols_1 valign_bottom type_default stacking_default\"><div class=\"wpb_column vc_column_container\"><div class=\"vc_column-inner\"><div class=\"w-separator size_custom\" style=\"height:70px\"><\/div><div class=\"g-cols wpb_row us_custom_e29fe34e via_grid cols_1 laptops-cols_inherit tablets-cols_inherit mobiles-cols_1 valign_bottom type_default stacking_default\"><div class=\"wpb_column vc_column_container\"><div class=\"vc_column-inner\"><div class=\"wpb_text_column us_custom_5f3ccf0d has_text_color\"><div class=\"wpb_wrapper\"><h2>Gest\u00e3o <strong>S\u00f3cio Ambiental<\/strong><\/h2>\n<\/div><\/div><\/div><\/div><\/div><\/div><\/div><\/div><\/div><\/section><section class=\"l-section wpb_row height_small\"><div class=\"l-section-h i-cf\"><div class=\"g-cols vc_row via_grid cols_1 laptops-cols_inherit tablets-cols_inherit mobiles-cols_1 valign_top type_default stacking_default\"><div class=\"wpb_column vc_column_container\"><div class=\"vc_column-inner\"><div id=\"ultimate-video-867269f15b98d7184\" class=\"ult-video  ult-adjust-bottom-margin ultimate-video-867269f15b98d7184 ultv-9374 \"><div class=\"ultv-video ultv-aspect-ratio-16_9 ultv-subscribe-responsive-none\" data-videotype=\"uv_iframe\">\n\t\t\t\t\t\t<div class=\"ultv-video__outer-wrap\" data-autoplay=\"1\" data-device=\"false\"  data-iconbg=\"#3A3A3A\" data-overcolor=\"\" data-defaultbg=\"#1f1f1e\" data-defaultplay=\"defaulticon\"><div class=\"ultv-video__play\" data-src=\"https:\/\/www.youtube.com\/embed\/JdQPZgGeuug?autoplay=1&amp;rel=0&amp;start&amp;end&amp;controls=1&amp;mute=0&amp;modestbranding=0&amp;autoplay=1\">\n\t\t\t\t\t\t\t\t<img decoding=\"async\" class=\"ultv-video__thumb\" src=\"https:\/\/i.ytimg.com\/vi\/JdQPZgGeuug\/maxresdefault.jpg\"\/>\n\t\t\t\t\t\t\t\t<div class=\"ultv-video__play-icon  ultv-animation-none\" style=\"width:75px\"><svg height=\"100%\" version=\"1.1\" viewBox=\"0 0 68 48\" width=\"100%\"><path class=\"ultv-youtube-icon-bg\" d=\"m .66,37.62 c 0,0 .66,4.70 2.70,6.77 2.58,2.71 5.98,2.63 7.49,2.91 5.43,.52 23.10,.68 23.12,.68 .00,-1.3e-5 14.29,-0.02 23.81,-0.71 1.32,-0.15 4.22,-0.17 6.81,-2.89 2.03,-2.07 2.70,-6.77 2.70,-6.77 0,0 .67,-5.52 .67,-11.04 l 0,-5.17 c 0,-5.52 -0.67,-11.04 -0.67,-11.04 0,0 -0.66,-4.70 -2.70,-6.77 C 62.03,.86 59.13,.84 57.80,.69 48.28,0 34.00,0 34.00,0 33.97,0 19.69,0 10.18,.69 8.85,.84 5.95,.86 3.36,3.58 1.32,5.65 .66,10.35 .66,10.35 c 0,0 -0.55,4.50 -0.66,9.45 l 0,8.36 c .10,4.94 .66,9.45 .66,9.45 z\" fill=\"#1f1f1e\" ><\/path><path d=\"m 26.96,13.67 18.37,9.62 -18.37,9.55 -0.00,-19.17 z\" fill=\"#fff\"><\/path><path d=\"M 45.02,23.46 45.32,23.28 26.96,13.67 43.32,22.34 45.02,23.46 z\" fill=\"#ccc\"><\/path><\/svg><\/div> <\/div> <\/div><\/div><\/div><div class=\"wpb_text_column\"><div class=\"wpb_wrapper\"><h4><strong>Compromisso com a Preserva\u00e7\u00e3o do Meio Ambiente<\/strong><\/h4>\n<p style=\"text-align: justify;\">No Grupo Peripan, reconhecemos que a preserva\u00e7\u00e3o do meio ambiente \u00e9 fundamental para o sucesso sustent\u00e1vel de nossos neg\u00f3cios. Por isso, adotamos uma abordagem proativa e abrangente para a gest\u00e3o ambiental em todas as etapas de nossa cadeia de produ\u00e7\u00e3o t\u00eaxtil.<\/p>\n<p style=\"text-align: justify;\">Nossa gest\u00e3o ambiental \u00e9 baseada em tr\u00eas pilares principais: redu\u00e7\u00e3o de impactos, conserva\u00e7\u00e3o de recursos e inova\u00e7\u00e3o sustent\u00e1vel. Implementamos rigorosos controles e procedimentos em nossas instala\u00e7\u00f5es para minimizar o consumo de recursos naturais, como \u00e1gua e energia, e para reduzir as emiss\u00f5es de poluentes.<\/p>\n<p style=\"text-align: justify;\">Al\u00e9m disso, buscamos constantemente novas formas de aprimorar nossos processos produtivos, incorporando tecnologias limpas e materiais sustent\u00e1veis. Isso n\u00e3o apenas nos permite atender \u00e0s demandas de nossos clientes por produtos ecoconscientes, mas tamb\u00e9m nos destaca em inova\u00e7\u00e3o sustent\u00e1vel na ind\u00fastria t\u00eaxtil.<\/p>\n<p style=\"text-align: justify;\">Nossa gest\u00e3o ambiental n\u00e3o se limita apenas \u00e0s nossas opera\u00e7\u00f5es internas. Tamb\u00e9m trabalhamos em estreita colabora\u00e7\u00e3o com nossos fornecedores e parceiros para promover pr\u00e1ticas respons\u00e1veis em toda a cadeia de abastecimento. Isso inclui o estabelecimento de diretrizes claras de fornecimento respons\u00e1vel e a realiza\u00e7\u00e3o de auditorias regulares para garantir o cumprimento de padr\u00f5es ambientais rigorosos.<\/p>\n<p style=\"text-align: justify;\">Estamos comprometidos em continuar aprimorando nossa gest\u00e3o ambiental, identificando \u00e1reas de melhoria e estabelecendo metas ambiciosas para reduzir ainda mais nosso impacto no meio ambiente. Acreditamos que, ao integrar a sustentabilidade em todas as facetas de nossos neg\u00f3cios, podemos n\u00e3o apenas proteger o planeta para as gera\u00e7\u00f5es futuras, mas tamb\u00e9m criar valor a longo prazo para nossos clientes, colaboradores e comunidades em que operamos. Venha tecer um futuro com a gente. Junte-se a n\u00f3s nessa jornada rumo a um planeta mais verde e pr\u00f3spero para todos.<\/p>\n<\/div><\/div><\/div><\/div><\/div><\/div><\/section><section class=\"l-section wpb_row us_custom_17d5209a height_auto type_sticky\"><div class=\"l-section-h i-cf\"><div class=\"g-cols vc_row via_grid cols_1 laptops-cols_inherit tablets-cols_inherit mobiles-cols_1 valign_top type_default stacking_default\"><div class=\"wpb_column vc_column_container\"><div class=\"vc_column-inner\"><div class=\"wpb_text_column us_custom_ab96b677 has_text_color\"><div class=\"wpb_wrapper\"><h4 style=\"text-align: center;\"><strong>A\u00e7\u00f5es Pr\u00e1ticas de Gest\u00e3o Ambiental na PERIPAN<\/strong><\/h4>\n<\/div><\/div><\/div><\/div><\/div><\/div><\/section><section class=\"l-section wpb_row us_custom_60e9caca us_animate_this height_medium\"><div class=\"l-section-h i-cf\"><div class=\"g-cols vc_row via_grid cols_6 laptops-cols_inherit tablets-cols_inherit mobiles-cols_1 valign_top type_default stacking_default\"><div class=\"wpb_column vc_column_container\"><div class=\"vc_column-inner\"><\/div><\/div><div class=\"wpb_column vc_column_container\"><div class=\"vc_column-inner\"><div class=\"w-popup us_custom_d8bb8f6f align_center\"><button class=\"w-popup-trigger type_icon\" aria-label=\"Popup\"><i class=\"fas fa-bolt\"><\/i><\/button><div class=\"w-popup-overlay\" style=\"background:rgba(0,0,0,0.85);\"><\/div><div class=\"w-popup-wrap\" style=\"--title-color:var(--color-content-heading);--title-bg-color:var(--color-content-bg-alt);--content-color:var(--color-content-text);--content-bg-color:var(--color-content-bg)\"><div class=\"w-popup-box animation_fadeIn closerpos_inside with_title\" style=\"width:80%;\"><div class=\"w-popup-box-h\"><div class=\"w-popup-box-title\">Uso Eficiente de Energia: Promovendo a Sustentabilidade em Nossa Produ\u00e7\u00e3o<\/div><div class=\"w-popup-box-content\" style=\"padding:5%;\"><p style=\"text-align: justify;\">No Grupo Peripan, reconhecemos o papel fundamental que o uso eficiente de energia desempenha na nossa busca pela sustentabilidade ambiental. Compreendemos que a conserva\u00e7\u00e3o de energia n\u00e3o s\u00f3 reduz os custos operacionais, mas tamb\u00e9m minimiza nosso impacto no meio ambiente, ajudando a mitigar as mudan\u00e7as clim\u00e1ticas e preservar os recursos naturais para as futuras gera\u00e7\u00f5es.<\/p>\n<p style=\"text-align: justify;\">Implementamos uma s\u00e9rie de iniciativas para promover o uso eficiente de energia em nossas instala\u00e7\u00f5es, desde a moderniza\u00e7\u00e3o de equipamentos at\u00e9 a sensibiliza\u00e7\u00e3o dos colaboradores sobre pr\u00e1ticas energ\u00e9ticas respons\u00e1veis.<\/p>\n<\/div><div class=\"w-popup-closer\"><\/div><\/div><\/div><\/div><\/div><div class=\"wpb_text_column us_custom_a08edb0a has_text_color\"><div class=\"wpb_wrapper\"><p>Uso Eficiente de Energia<\/p>\n<\/div><\/div><\/div><\/div><div class=\"wpb_column vc_column_container\"><div class=\"vc_column-inner\"><div class=\"w-popup us_custom_d8bb8f6f align_center\"><button class=\"w-popup-trigger type_icon\" aria-label=\"Popup\"><i class=\"fas fa-tint\"><\/i><\/button><div class=\"w-popup-overlay\" style=\"background:rgba(0,0,0,0.85);\"><\/div><div class=\"w-popup-wrap\" style=\"--title-color:var(--color-content-heading);--title-bg-color:var(--color-content-bg-alt);--content-color:var(--color-content-text);--content-bg-color:var(--color-content-bg)\"><div class=\"w-popup-box animation_fadeIn closerpos_inside with_title\" style=\"width:80%;\"><div class=\"w-popup-box-h\"><div class=\"w-popup-box-title\">Uso Eficiente de \u00c1gua: Preservando Nosso Recurso Mais Precioso<\/div><div class=\"w-popup-box-content\" style=\"padding:5%;\"><p style=\"text-align: justify;\">No Grupo Peripan, reconhecemos a import\u00e2ncia crucial da \u00e1gua como recurso vital para nossas opera\u00e7\u00f5es e para o planeta como um todo. Como parte de nosso compromisso com a sustentabilidade ambiental, implementamos uma s\u00e9rie de iniciativas para garantir o uso eficiente e respons\u00e1vel da \u00e1gua em todas as etapas de nossa produ\u00e7\u00e3o t\u00eaxtil.<\/p>\n<p style=\"text-align: justify;\">Adotamos pr\u00e1ticas de gest\u00e3o de \u00e1gua inteligentes, otimizando nossos processos produtivos para reduzir o desperd\u00edcio e maximizar a efici\u00eancia.<\/p>\n<p style=\"text-align: justify;\">Nossa abordagem para o uso eficiente de \u00e1gua n\u00e3o \u00e9 apenas sobre mitigar impactos ambientais, mas tamb\u00e9m sobre proteger ecossistemas fr\u00e1geis, apoiar comunidades locais e garantir a disponibilidade de \u00e1gua para as gera\u00e7\u00f5es futuras. Estamos comprometidos em continuar aprimorando nossas pr\u00e1ticas e investindo em solu\u00e7\u00f5es inovadoras para garantir que nosso uso de \u00e1gua seja t\u00e3o eficiente e respons\u00e1vel quanto poss\u00edvel.<\/p>\n<p style=\"text-align: justify;\">Ao escolher produtos do Grupo Peripan, voc\u00ea pode ter a certeza de que est\u00e1 apoiando uma empresa que valoriza e protege nosso recurso mais precioso: a \u00e1gua. Junte-se a n\u00f3s nessa jornada de conserva\u00e7\u00e3o e preserva\u00e7\u00e3o, porque quando se trata de \u00e1gua, cada gota conta.<\/p>\n<h4 style=\"text-align: justify;\"><strong>\u00a0<\/strong><\/h4>\n<\/div><div class=\"w-popup-closer\"><\/div><\/div><\/div><\/div><\/div><div class=\"wpb_text_column us_custom_a08edb0a has_text_color\"><div class=\"wpb_wrapper\"><p>Uso Eficiente de \u00c1gua<\/p>\n<\/div><\/div><\/div><\/div><div class=\"wpb_column vc_column_container\"><div class=\"vc_column-inner\"><div class=\"w-popup us_custom_d8bb8f6f align_center\"><button class=\"w-popup-trigger type_icon\" aria-label=\"Popup\"><i class=\"fas fa-recycle\"><\/i><\/button><div class=\"w-popup-overlay\" style=\"background:rgba(0,0,0,0.85);\"><\/div><div class=\"w-popup-wrap\" style=\"--title-color:var(--color-content-heading);--title-bg-color:var(--color-content-bg-alt);--content-color:var(--color-content-text);--content-bg-color:var(--color-content-bg)\"><div class=\"w-popup-box animation_fadeIn closerpos_inside with_title\" style=\"width:80%;\"><div class=\"w-popup-box-h\"><div class=\"w-popup-box-title\">Gerenciamento de Res\u00edduos: Compromisso com a Redu\u00e7\u00e3o e Reciclagem<\/div><div class=\"w-popup-box-content\" style=\"padding:5%;\"><p style=\"text-align: justify;\">No Grupo Peripan, reconhecemos a import\u00e2ncia cr\u00edtica de um gerenciamento de res\u00edduos eficaz para preservar o meio ambiente e promover a sustentabilidade em nossas opera\u00e7\u00f5es. Estamos comprometidos em adotar pr\u00e1ticas respons\u00e1veis \u200b\u200bpara minimizar a quantidade de res\u00edduos que geramos e maximizar a reutiliza\u00e7\u00e3o e reciclagem de materiais em todas as etapas de nossa produ\u00e7\u00e3o t\u00eaxtil.<\/p>\n<p style=\"text-align: justify;\">Implementamos rigorosos programas de segrega\u00e7\u00e3o de res\u00edduos em nossas instala\u00e7\u00f5es, garantindo que materiais como papel\u00e3o, pl\u00e1stico, tecido e outros res\u00edduos sejam devidamente separados e encaminhados para reciclagem ou descarte adequado. Al\u00e9m disso, trabalhamos em estreita colabora\u00e7\u00e3o com fornecedores e parceiros para identificar oportunidades de redu\u00e7\u00e3o de res\u00edduos em toda a nossa cadeia de abastecimento.<\/p>\n<p style=\"text-align: justify;\">Nosso compromisso com o gerenciamento de res\u00edduos vai al\u00e9m da simples conformidade com regulamenta\u00e7\u00f5es ambientais. Buscamos constantemente solu\u00e7\u00f5es inovadoras para reduzir nosso impacto ambiental e promover a economia circular. Isso inclui o desenvolvimento de novos produtos feitos a partir de materiais reciclados e a implementa\u00e7\u00e3o de iniciativas de reaproveitamento de res\u00edduos em nossas opera\u00e7\u00f5es.<\/p>\n<p style=\"text-align: justify;\">Al\u00e9m disso, estamos empenhados em educar e capacitar nossos colaboradores para que sejam agentes de mudan\u00e7a no que diz respeito ao gerenciamento de res\u00edduos. Promovemos a conscientiza\u00e7\u00e3o sobre a import\u00e2ncia da redu\u00e7\u00e3o, reutiliza\u00e7\u00e3o e reciclagem de res\u00edduos em nosso local de trabalho e incentivamos a participa\u00e7\u00e3o ativa de todos os membros da equipe em nossos esfor\u00e7os de sustentabilidade.<\/p>\n<\/div><div class=\"w-popup-closer\"><\/div><\/div><\/div><\/div><\/div><div class=\"wpb_text_column us_custom_a08edb0a has_text_color\"><div class=\"wpb_wrapper\"><p>Gerenciamento de Res\u00edduos<\/p>\n<\/div><\/div><\/div><\/div><div class=\"wpb_column vc_column_container\"><div class=\"vc_column-inner\"><div class=\"w-popup us_custom_d8bb8f6f align_center\"><button class=\"w-popup-trigger type_icon\" aria-label=\"Popup\"><i class=\"fas fa-water\"><\/i><\/button><div class=\"w-popup-overlay\" style=\"background:rgba(0,0,0,0.85);\"><\/div><div class=\"w-popup-wrap\" style=\"--title-color:var(--color-content-heading);--title-bg-color:var(--color-content-bg-alt);--content-color:var(--color-content-text);--content-bg-color:var(--color-content-bg)\"><div class=\"w-popup-box animation_fadeIn closerpos_inside with_title\" style=\"width:80%;\"><div class=\"w-popup-box-h\"><div class=\"w-popup-box-title\">Tratamento de \u00c1guas Residu\u00e1rias: Preservando a Qualidade da \u00c1gua<\/div><div class=\"w-popup-box-content\" style=\"padding:5%;\"><p style=\"text-align: justify;\">No Grupo Peripan, reconhecemos a import\u00e2ncia vital de proteger a qualidade da \u00e1gua e minimizar nosso impacto sobre os recursos h\u00eddricos locais e globais. Como parte de nosso compromisso com a sustentabilidade ambiental, implementamos sistemas avan\u00e7ados de tratamento de \u00e1guas residu\u00e1rias em nossas instala\u00e7\u00f5es para garantir que nossas opera\u00e7\u00f5es n\u00e3o prejudiquem os ecossistemas aqu\u00e1ticos nem comprometam o abastecimento de \u00e1gua pot\u00e1vel.<\/p>\n<p style=\"text-align: justify;\">Nossos sistemas de tratamento de \u00e1guas residu\u00e1rias s\u00e3o projetados para remover de forma eficaz poluentes e contaminantes de nossos efluentes, garantindo que a \u00e1gua descarregada atenda ou exceda os padr\u00f5es regulat\u00f3rios ambientais. Investimos em tecnologias de ponta e processos de tratamento inovadores para garantir a efici\u00eancia e a efic\u00e1cia de nossas opera\u00e7\u00f5es de tratamento de \u00e1guas residu\u00e1rias.<\/p>\n<p style=\"text-align: justify;\">Al\u00e9m disso, adotamos uma abordagem preventiva para reduzir a carga de poluentes em nossos efluentes, implementando pr\u00e1ticas de gest\u00e3o ambiental respons\u00e1veis em todas as etapas de nossa produ\u00e7\u00e3o t\u00eaxtil. Isso inclui o uso respons\u00e1vel de produtos qu\u00edmicos, a minimiza\u00e7\u00e3o do desperd\u00edcio de mat\u00e9ria-prima e a otimiza\u00e7\u00e3o de nossos processos produtivos para reduzir a gera\u00e7\u00e3o de efluentes.<\/p>\n<p style=\"text-align: justify;\">Estamos comprometidos em monitorar continuamente a qualidade de nossos efluentes e em buscar constantemente oportunidades de melhoria em nosso sistema de tratamento de \u00e1guas residu\u00e1rias. Nosso objetivo \u00e9 n\u00e3o apenas cumprir, mas exceder os requisitos regulat\u00f3rios ambientais, garantindo que nossas opera\u00e7\u00f5es tenham o menor impacto poss\u00edvel sobre os recursos h\u00eddricos e o meio ambiente em geral.<\/p>\n<\/div><div class=\"w-popup-closer\"><\/div><\/div><\/div><\/div><\/div><div class=\"wpb_text_column us_custom_a08edb0a has_text_color\"><div class=\"wpb_wrapper\"><p>Tratamento de \u00c1guas Residu\u00e1rias<\/p>\n<\/div><\/div><\/div><\/div><div class=\"wpb_column vc_column_container\"><div class=\"vc_column-inner\"><\/div><\/div><\/div><\/div><\/section><section class=\"l-section wpb_row us_custom_17d5209a height_auto type_sticky\"><div class=\"l-section-h i-cf\"><div class=\"g-cols vc_row via_grid cols_1 laptops-cols_inherit tablets-cols_inherit mobiles-cols_1 valign_top type_default stacking_default\"><div class=\"wpb_column vc_column_container\"><div class=\"vc_column-inner\"><div class=\"wpb_text_column us_custom_ab96b677 has_text_color\"><div class=\"wpb_wrapper\"><h4 style=\"text-align: center;\"><strong>A\u00e7\u00f5es Sociais &#8211; PARCERIA 100% SUSTENT\u00c1VEL<\/strong><\/h4>\n<\/div><\/div><\/div><\/div><\/div><\/div><\/section><section class=\"l-section wpb_row height_small\"><div class=\"l-section-h i-cf\"><div class=\"g-cols vc_row via_grid cols_1-2 laptops-cols_inherit tablets-cols_inherit mobiles-cols_1 valign_top type_default stacking_default\"><div class=\"wpb_column vc_column_container\"><div class=\"vc_column-inner\"><div class=\"w-slider style_none fit_scaledown\"><div class=\"w-slider-h\"><div class=\"royalSlider\"><div class=\"rsContent\"><a class=\"rsImg\" data-rsw=\"1024\" data-rsh=\"1024\" data-rsBigImg=\"https:\/\/peripan.com.br\/wp-content\/uploads\/2024\/05\/HojeediadefestaGarimpandotirasparaatecelagemMaterialdoadolelaFabriciavaitrazercorevidaaistapetesdasartesasdaCasaReciclando.Producaosustentaveleconsciente.casadastecelasdebrum.jpg\" href=\"https:\/\/peripan.com.br\/wp-content\/uploads\/2024\/05\/HojeediadefestaGarimpandotirasparaatecelagemMaterialdoadolelaFabriciavaitrazercorevidaaistapetesdasartesasdaCasaReciclando.Producaosustentaveleconsciente.casadastecelasdebrum-1024x1024.jpg\"><span data-alt=\"\"><\/span><\/a><\/div><div class=\"rsContent\"><a class=\"rsImg\" data-rsw=\"1024\" data-rsh=\"1024\" data-rsBigImg=\"https:\/\/peripan.com.br\/wp-content\/uploads\/2024\/05\/ComresiduostexteisdoadospelaPERIPANDEITAUNAtecelasproduzemColecaoCapsulaqueseraapresentadaemdezembro.Aguardem.jpg\" href=\"https:\/\/peripan.com.br\/wp-content\/uploads\/2024\/05\/ComresiduostexteisdoadospelaPERIPANDEITAUNAtecelasproduzemColecaoCapsulaqueseraapresentadaemdezembro.Aguardem-1024x1024.jpg\"><span data-alt=\"\"><\/span><\/a><\/div><div class=\"rsContent\"><a class=\"rsImg\" data-rsw=\"1024\" data-rsh=\"1024\" data-rsBigImg=\"https:\/\/peripan.com.br\/wp-content\/uploads\/2024\/05\/ColecaoCapsula-Brumalemtramasecores.Aquitemoverdedavegetacaoacordeterradosolooazuldaserra.EtemotrabalhodasmaosdaRitaLurdinhaSamiaLiliMariaJanainaAdelaineeMa.jpg\" href=\"https:\/\/peripan.com.br\/wp-content\/uploads\/2024\/05\/ColecaoCapsula-Brumalemtramasecores.Aquitemoverdedavegetacaoacordeterradosolooazuldaserra.EtemotrabalhodasmaosdaRitaLurdinhaSamiaLiliMariaJanainaAdelaineeMa-1024x1024.jpg\"><span data-alt=\"\"><\/span><\/a><\/div><\/div><img decoding=\"async\" src=\"https:\/\/peripan.com.br\/wp-content\/uploads\/2024\/05\/HojeediadefestaGarimpandotirasparaatecelagemMaterialdoadolelaFabriciavaitrazercorevidaaistapetesdasartesasdaCasaReciclando.Producaosustentaveleconsciente.casadastecelasdebrum-1024x1024.jpg\" width=\"1024\" height=\"1024\" alt loading=\"lazy\"><\/div><div class=\"w-slider-json\" onclick='return {&quot;autoScaleSlider&quot;:true,&quot;loop&quot;:true,&quot;fadeInLoadedSlide&quot;:false,&quot;slidesSpacing&quot;:0,&quot;imageScalePadding&quot;:0,&quot;numImagesToPreload&quot;:2,&quot;arrowsNav&quot;:true,&quot;arrowsNavAutoHide&quot;:false,&quot;transitionType&quot;:&quot;move&quot;,&quot;transitionSpeed&quot;:250,&quot;block&quot;:{&quot;moveEffect&quot;:&quot;none&quot;,&quot;speed&quot;:300},&quot;thumbs&quot;:{&quot;fitInViewport&quot;:false},&quot;controlNavigation&quot;:&quot;none&quot;,&quot;autoplay&quot;:{&quot;enabled&quot;:true,&quot;pauseOnHover&quot;:true,&quot;delay&quot;:3000},&quot;fullscreen&quot;:{&quot;enabled&quot;:true},&quot;imageScaleMode&quot;:&quot;fit-if-smaller&quot;,&quot;autoScaleSliderWidth&quot;:1024,&quot;autoScaleSliderHeight&quot;:1024}'><\/div><\/div><\/div><\/div><div class=\"wpb_column vc_column_container\"><div class=\"vc_column-inner\"><div class=\"wpb_text_column\"><div class=\"wpb_wrapper\"><p style=\"text-align: justify;\">Desde 2016 o Grupo Peripan intensifica sua participa\u00e7\u00e3o em a\u00e7\u00f5es sociais, com o objetivo promover a valoriza\u00e7\u00e3o do trabalho artesanal. Cada projeto busca fortalecer a cadeia produtiva do artesanato por meio do incentivo \u00e0s cria\u00e7\u00f5es locais, que geram visibilidade e contribuem positivamente para a forma\u00e7\u00e3o de renda e desenvolvimento sustent\u00e1vel das comunidades artes\u00e3s parceiras do Grupo Peripan.<\/p>\n<ul>\n<li><img loading=\"lazy\" decoding=\"async\" class=\"wp-image-5727 size-medium aligncenter\" src=\"https:\/\/peripan.com.br\/wp-content\/uploads\/2024\/05\/arcipa-300x169.png\" alt=\"\" width=\"300\" height=\"169\" srcset=\"https:\/\/peripan.com.br\/wp-content\/uploads\/2024\/05\/arcipa-300x169.png 300w, https:\/\/peripan.com.br\/wp-content\/uploads\/2024\/05\/arcipa-1024x575.png 1024w, https:\/\/peripan.com.br\/wp-content\/uploads\/2024\/05\/arcipa.png 1440w\" sizes=\"auto, (max-width: 300px) 100vw, 300px\" \/><\/li>\n<li>Associa\u00e7\u00e3o dos Artes\u00f5es e Produtos Caseiros Itatiaiu\u00e7u \u2013 ACIRPA<\/li>\n<li><\/li>\n<li>Associa\u00e7\u00e3o Municipal de Educa\u00e7\u00e3o, Inclus\u00e3o Social, Digital e Tecnol\u00f3gica de Brumadinho &#8211; AME<\/li>\n<\/ul>\n<\/div><\/div><div class=\"w-separator size_small with_line width_default thick_2 style_solid color_border align_center\"><div class=\"w-separator-h\"><\/div><\/div><\/div><\/div><\/div><\/div><\/section><section class=\"l-section wpb_row height_small\"><div class=\"l-section-h i-cf\"><div class=\"g-cols vc_row via_grid cols_2-1 laptops-cols_inherit tablets-cols_inherit mobiles-cols_1 valign_top type_default stacking_default\"><div class=\"wpb_column vc_column_container\"><div class=\"vc_column-inner\"><div class=\"wpb_text_column\"><div class=\"wpb_wrapper\"><h4>Parceria Grupo Peripan + ISLA<\/h4>\n<p style=\"text-align: justify;\">A parceria do Grupo Peripan com a ISLA nasceu em meio \u00e0 pandemia, trazendo uma nova alternativa sustent\u00e1vel para os insumos, antes descartados, em meio \u00e0 escassez de mat\u00e9ria prima. Diante disso, um novo olhar foi lan\u00e7ado sobre os res\u00edduos gerados, trazendo \u00e0 tona uma nova e poderosa oportunidade. A paix\u00e3o por criar da ISLA, transformou res\u00edduos t\u00eaxteis em pe\u00e7as de crochetaria e tape\u00e7arias \u00fanicas, enaltecendo o trabalho manual e local das artes\u00e3s mineiras. Atrav\u00e9s desta parceria, a marca conseguiu resgatar t\u00e9cnicas ancestrais de artesanato, que valorizam a sustentabilidade ambiental e social da comunidade de artes\u00e3s.<\/p>\n<\/div><\/div><\/div><\/div><div class=\"wpb_column vc_column_container\"><div class=\"vc_column-inner\"><div class=\"w-slider style_none fit_scaledown\"><div class=\"w-slider-h\"><div class=\"royalSlider\"><div class=\"rsContent\"><a class=\"rsImg\" data-rsw=\"490\" data-rsh=\"490\" data-rsBigImg=\"https:\/\/peripan.com.br\/wp-content\/uploads\/2024\/05\/IMG_1594-1.webp\" href=\"https:\/\/peripan.com.br\/wp-content\/uploads\/2024\/05\/IMG_1594-1.webp\"><span data-alt=\"\"><\/span><\/a><\/div><div class=\"rsContent\"><a class=\"rsImg\" data-rsw=\"768\" data-rsh=\"1024\" data-rsBigImg=\"https:\/\/peripan.com.br\/wp-content\/uploads\/2024\/05\/685D273B-A09D-4C6C-B8F6-A76CE94B1F17.jpeg\" href=\"https:\/\/peripan.com.br\/wp-content\/uploads\/2024\/05\/685D273B-A09D-4C6C-B8F6-A76CE94B1F17-768x1024.jpeg\"><span data-alt=\"\"><\/span><\/a><\/div><div class=\"rsContent\"><a class=\"rsImg\" data-rsw=\"800\" data-rsh=\"800\" data-rsBigImg=\"https:\/\/peripan.com.br\/wp-content\/uploads\/2024\/05\/159815-800-800.webp\" href=\"https:\/\/peripan.com.br\/wp-content\/uploads\/2024\/05\/159815-800-800.webp\"><span data-alt=\"\"><\/span><\/a><\/div><div class=\"rsContent\"><a class=\"rsImg\" data-rsw=\"1000\" data-rsh=\"1000\" data-rsBigImg=\"https:\/\/peripan.com.br\/wp-content\/uploads\/2024\/05\/b72e78_b65a5beeee884d6c908e8932f5a5a492mv2.webp\" href=\"https:\/\/peripan.com.br\/wp-content\/uploads\/2024\/05\/b72e78_b65a5beeee884d6c908e8932f5a5a492mv2.webp\"><span data-alt=\"\"><\/span><\/a><\/div><div class=\"rsContent\"><a class=\"rsImg\" data-rsw=\"1000\" data-rsh=\"1000\" data-rsBigImg=\"https:\/\/peripan.com.br\/wp-content\/uploads\/2024\/05\/b72e78_d4514f45241b41da928d95abad56d111mv2.webp\" href=\"https:\/\/peripan.com.br\/wp-content\/uploads\/2024\/05\/b72e78_d4514f45241b41da928d95abad56d111mv2.webp\"><span data-alt=\"\"><\/span><\/a><\/div><\/div><img decoding=\"async\" src=\"https:\/\/peripan.com.br\/wp-content\/uploads\/2024\/05\/IMG_1594-1.webp\" width=\"490\" height=\"490\" alt loading=\"lazy\"><\/div><div class=\"w-slider-json\" onclick='return {&quot;autoScaleSlider&quot;:true,&quot;loop&quot;:true,&quot;fadeInLoadedSlide&quot;:false,&quot;slidesSpacing&quot;:0,&quot;imageScalePadding&quot;:0,&quot;numImagesToPreload&quot;:2,&quot;arrowsNav&quot;:true,&quot;arrowsNavAutoHide&quot;:false,&quot;transitionType&quot;:&quot;move&quot;,&quot;transitionSpeed&quot;:250,&quot;block&quot;:{&quot;moveEffect&quot;:&quot;none&quot;,&quot;speed&quot;:300},&quot;thumbs&quot;:{&quot;fitInViewport&quot;:false},&quot;controlNavigation&quot;:&quot;none&quot;,&quot;autoplay&quot;:{&quot;enabled&quot;:true,&quot;pauseOnHover&quot;:true,&quot;delay&quot;:3000},&quot;fullscreen&quot;:{&quot;enabled&quot;:true},&quot;imageScaleMode&quot;:&quot;fit-if-smaller&quot;,&quot;autoScaleSliderWidth&quot;:490,&quot;autoScaleSliderHeight&quot;:490}'><\/div><\/div><\/div><\/div><\/div><\/div><\/section><section class=\"l-section wpb_row height_small\"><div class=\"l-section-h i-cf\"><div class=\"g-cols vc_row via_grid cols_1 laptops-cols_inherit tablets-cols_inherit mobiles-cols_1 valign_top type_default stacking_default\"><div class=\"wpb_column vc_column_container\"><div class=\"vc_column-inner\"><div class=\"w-separator size_small with_line width_default thick_2 style_solid color_border align_center\"><div class=\"w-separator-h\"><\/div><\/div><div class=\"wpb_text_column\"><div class=\"wpb_wrapper\"><h4><img loading=\"lazy\" decoding=\"async\" class=\"alignleft wp-image-5717 size-medium\" src=\"https:\/\/peripan.com.br\/wp-content\/uploads\/2024\/05\/SOU-DE-ALGODAO-300x111.png\" alt=\"\" width=\"300\" height=\"111\" srcset=\"https:\/\/peripan.com.br\/wp-content\/uploads\/2024\/05\/SOU-DE-ALGODAO-300x111.png 300w, https:\/\/peripan.com.br\/wp-content\/uploads\/2024\/05\/SOU-DE-ALGODAO.png 361w\" sizes=\"auto, (max-width: 300px) 100vw, 300px\" \/>Parceria Grupo Peripan + Sou de Algod\u00e3o<\/h4>\n<p style=\"text-align: justify;\">A Peripan \u00e9 parceira do &#8220;Sou de Algod\u00e3o&#8221; porque acredita que devemos promover a produ\u00e7\u00e3o do algod\u00e3o respons\u00e1vel, preservando o meio ambiente e respeitando o trabalhador. Isso pode gerar a conscientiza\u00e7\u00e3o de um consumo respons\u00e1vel, beneficiando a todos os envolvidos e, desta forma, inspirando atitudes positivas para uma sociedade mais consciente sobre o que veste.<\/p>\n<\/div><\/div><div class=\"w-separator size_small\"><\/div><div class=\"wpb_text_column\"><div class=\"wpb_wrapper\"><p><strong>Nossos objetivos s\u00e3o:<\/strong><\/p>\n<ol>\n<li>1. Conscientizar produtores e consumidores sobre a sustentabilidade e os benef\u00edcios do algod\u00e3o;<\/li>\n<li>2. Aumentar a percep\u00e7\u00e3o sustent\u00e1vel de uma produ\u00e7\u00e3o consciente na moda brasileira;<\/li>\n<li>3. Incrementar o consumo consciente, focado na origem;<\/li>\n<li>4. Incentivar a produ\u00e7\u00e3o de pe\u00e7as de algod\u00e3o;<\/li>\n<li>5. Expandir os empregos e a capacita\u00e7\u00e3o em toda a cadeia produtiva;<\/li>\n<li>6. Melhorar a qualidade;<\/li>\n<li>7. Impulsionar a for\u00e7a e a imagem de todo o algod\u00e3o respons\u00e1vel.<\/li>\n<\/ol>\n<p>Para que esta causa ganhe for\u00e7a, \u00e9 preciso que cada vez mais pessoas entendam e compartilhem o nosso prop\u00f3sito. Por isso, convidamos voc\u00ea a abra\u00e7ar este movimento e a valorizar a origem da sua roupa, desfrutando dos benef\u00edcios e do conforto do algod\u00e3o.<\/p>\n<\/div><\/div><\/div><\/div><div class=\"wpb_column vc_column_container\"><div class=\"vc_column-inner\"><\/div><\/div><\/div><\/div><\/section>\n","protected":false},"excerpt":{"rendered":"Gest\u00e3o S\u00f3cio Ambiental Compromisso com a Preserva\u00e7\u00e3o do Meio Ambiente No Grupo Peripan, reconhecemos que a preserva\u00e7\u00e3o do meio ambiente \u00e9 fundamental para o sucesso sustent\u00e1vel de nossos neg\u00f3cios. Por isso, adotamos uma abordagem proativa e abrangente para a gest\u00e3o ambiental em todas as etapas de nossa cadeia de produ\u00e7\u00e3o t\u00eaxtil. Nossa gest\u00e3o ambiental \u00e9...","protected":false},"author":5,"featured_media":0,"parent":447,"menu_order":0,"comment_status":"closed","ping_status":"closed","template":"","meta":{"footnotes":""},"class_list":["post-4092","page","type-page","status-publish","hentry"],"acf":[],"_links":{"self":[{"href":"https:\/\/peripan.com.br\/index.php?rest_route=\/wp\/v2\/pages\/4092","targetHints":{"allow":["GET"]}}],"collection":[{"href":"https:\/\/peripan.com.br\/index.php?rest_route=\/wp\/v2\/pages"}],"about":[{"href":"https:\/\/peripan.com.br\/index.php?rest_route=\/wp\/v2\/types\/page"}],"author":[{"embeddable":true,"href":"https:\/\/peripan.com.br\/index.php?rest_route=\/wp\/v2\/users\/5"}],"replies":[{"embeddable":true,"href":"https:\/\/peripan.com.br\/index.php?rest_route=%2Fwp%2Fv2%2Fcomments&post=4092"}],"version-history":[{"count":7,"href":"https:\/\/peripan.com.br\/index.php?rest_route=\/wp\/v2\/pages\/4092\/revisions"}],"predecessor-version":[{"id":5898,"href":"https:\/\/peripan.com.br\/index.php?rest_route=\/wp\/v2\/pages\/4092\/revisions\/5898"}],"up":[{"embeddable":true,"href":"https:\/\/peripan.com.br\/index.php?rest_route=\/wp\/v2\/pages\/447"}],"wp:attachment":[{"href":"https:\/\/peripan.com.br\/index.php?rest_route=%2Fwp%2Fv2%2Fmedia&parent=4092"}],"curies":[{"name":"wp","href":"https:\/\/api.w.org\/{rel}","templated":true}]}}